{"id":150,"date":"2022-05-02T12:14:59","date_gmt":"2022-05-02T12:14:59","guid":{"rendered":"http:\/\/ateava.es\/wp\/?page_id=150"},"modified":"2025-02-22T13:13:41","modified_gmt":"2025-02-22T13:13:41","slug":"difusion","status":"publish","type":"page","link":"http:\/\/ateava.es\/wp\/?page_id=150","title":{"rendered":"Noticias ATEAVA"},"content":{"rendered":"\n<div class=\"wp-block-media-text is-stacked-on-mobile\" style=\"grid-template-columns:46% auto\"><figure class=\"wp-block-media-text__media\"><img loading=\"lazy\" decoding=\"async\" width=\"1024\" height=\"715\" src=\"http:\/\/ateava.es\/wp\/wp-content\/uploads\/2022\/07\/creacion_ateava-1024x715.jpg\" alt=\"\" class=\"wp-image-234 size-full\" srcset=\"http:\/\/ateava.es\/wp\/wp-content\/uploads\/2022\/07\/creacion_ateava-1024x715.jpg 1024w, http:\/\/ateava.es\/wp\/wp-content\/uploads\/2022\/07\/creacion_ateava-300x210.jpg 300w, http:\/\/ateava.es\/wp\/wp-content\/uploads\/2022\/07\/creacion_ateava-768x537.jpg 768w, http:\/\/ateava.es\/wp\/wp-content\/uploads\/2022\/07\/creacion_ateava.jpg 1314w\" sizes=\"auto, (max-width: 1024px) 100vw, 1024px\" \/><\/figure><div class=\"wp-block-media-text__content\">\n<p class=\"has-text-align-center\"><a href=\"https:\/\/www.diariocordoba.com\/coronavirus\/2022\/04\/28\/cordoba-impulsa-asociacion-nacional-trabajadores-65467790.html\" target=\"_blank\" rel=\"noreferrer noopener\">Se crea una Asociaci\u00f3n de Trabajadores Esenciales Afectados por la Vacuna AstraZeneca<\/a><\/p>\n<\/div><\/div>\n\n\n\n<p><\/p>\n\n\n\n<div class=\"wp-block-media-text is-stacked-on-mobile\" style=\"grid-template-columns:46% auto\"><figure class=\"wp-block-media-text__media\"><img loading=\"lazy\" decoding=\"async\" width=\"624\" height=\"385\" src=\"http:\/\/ateava.es\/wp\/wp-content\/uploads\/2022\/07\/estrella-ROUf0ahzI9BhgOyhDOrpUDN-624x385@Hoy.jpg\" alt=\"\" class=\"wp-image-215 size-full\" srcset=\"http:\/\/ateava.es\/wp\/wp-content\/uploads\/2022\/07\/estrella-ROUf0ahzI9BhgOyhDOrpUDN-624x385@Hoy.jpg 624w, http:\/\/ateava.es\/wp\/wp-content\/uploads\/2022\/07\/estrella-ROUf0ahzI9BhgOyhDOrpUDN-624x385@Hoy-300x185.jpg 300w\" sizes=\"auto, (max-width: 624px) 100vw, 624px\" \/><\/figure><div class=\"wp-block-media-text__content\">\n<p class=\"has-text-align-center\"><a href=\"https:\/\/www.hoy.es\/extremadura\/tras-ponerme-vacuna-20220501075752-nt.html\" target=\"_blank\" rel=\"noreferrer noopener\">Tras ponerme la vacuna de AstraZeneca estuve tres meses casi sin poder andar<\/a><\/p>\n<\/div><\/div>\n\n\n\n<p><\/p>\n\n\n\n<div class=\"wp-block-media-text is-stacked-on-mobile\" style=\"grid-template-columns:46% auto\"><figure class=\"wp-block-media-text__media\"><img loading=\"lazy\" decoding=\"async\" width=\"772\" height=\"573\" src=\"http:\/\/ateava.es\/wp\/wp-content\/uploads\/2022\/07\/Entrevista-a-MJose-y-Miriam-en-PlazaRadio.png\" alt=\"\" class=\"wp-image-184 size-full\" srcset=\"http:\/\/ateava.es\/wp\/wp-content\/uploads\/2022\/07\/Entrevista-a-MJose-y-Miriam-en-PlazaRadio.png 772w, http:\/\/ateava.es\/wp\/wp-content\/uploads\/2022\/07\/Entrevista-a-MJose-y-Miriam-en-PlazaRadio-300x223.png 300w, http:\/\/ateava.es\/wp\/wp-content\/uploads\/2022\/07\/Entrevista-a-MJose-y-Miriam-en-PlazaRadio-768x570.png 768w\" sizes=\"auto, (max-width: 772px) 100vw, 772px\" \/><\/figure><div class=\"wp-block-media-text__content\">\n<p class=\"has-text-align-center\"><a href=\"https:\/\/999plazaradio.valenciaplaza.com\/plataforma-vacunas-efectos-secundarios-informe\" target=\"_blank\" rel=\"noreferrer noopener\">Entrevista en Radio Plaza a afectadas de la vacuna covid19<\/a><\/p>\n<\/div><\/div>\n\n\n\n<p><\/p>\n\n\n\n<div class=\"wp-block-media-text is-stacked-on-mobile\" style=\"grid-template-columns:46% auto\"><figure class=\"wp-block-media-text__media\"><img loading=\"lazy\" decoding=\"async\" width=\"1024\" height=\"683\" src=\"http:\/\/ateava.es\/wp\/wp-content\/uploads\/2022\/07\/unanodebaja.jpg\" alt=\"\" class=\"wp-image-177 size-full\" srcset=\"http:\/\/ateava.es\/wp\/wp-content\/uploads\/2022\/07\/unanodebaja.jpg 1024w, http:\/\/ateava.es\/wp\/wp-content\/uploads\/2022\/07\/unanodebaja-300x200.jpg 300w, http:\/\/ateava.es\/wp\/wp-content\/uploads\/2022\/07\/unanodebaja-768x512.jpg 768w\" sizes=\"auto, (max-width: 1024px) 100vw, 1024px\" \/><\/figure><div class=\"wp-block-media-text__content\">\n<p class=\"has-text-align-center\"><a rel=\"noreferrer noopener\" href=\"https:\/\/www.elsaltodiario.com\/laplaza\/-un-ano-de-baja-ahora-que-%20afectados-vacuna-astrazeneca\" target=\"_blank\">Un a\u00f1o de baja, \u00bfy ahora qu\u00e9?<br>La problem\u00e1tica de muchos afectados por la vacuna COVID19 que un a\u00f1o despu\u00e9s les dan alta laboral sin tener el alta m\u00e9dica ni capacidades para volver a trabajar<\/a><\/p>\n<\/div><\/div>\n\n\n\n<p><\/p>\n\n\n\n<p><\/p>\n\n\n\n<div class=\"wp-block-media-text is-stacked-on-mobile\" style=\"grid-template-columns:46% auto\"><figure class=\"wp-block-media-text__media\"><img loading=\"lazy\" decoding=\"async\" width=\"1024\" height=\"543\" src=\"http:\/\/ateava.es\/wp\/wp-content\/uploads\/2022\/07\/Entrevista-a-Berta-1024x543.png\" alt=\"\" class=\"wp-image-189 size-full\" srcset=\"http:\/\/ateava.es\/wp\/wp-content\/uploads\/2022\/07\/Entrevista-a-Berta-1024x543.png 1024w, http:\/\/ateava.es\/wp\/wp-content\/uploads\/2022\/07\/Entrevista-a-Berta-300x159.png 300w, http:\/\/ateava.es\/wp\/wp-content\/uploads\/2022\/07\/Entrevista-a-Berta-768x407.png 768w, http:\/\/ateava.es\/wp\/wp-content\/uploads\/2022\/07\/Entrevista-a-Berta-1536x815.png 1536w, http:\/\/ateava.es\/wp\/wp-content\/uploads\/2022\/07\/Entrevista-a-Berta.png 1914w\" sizes=\"auto, (max-width: 1024px) 100vw, 1024px\" \/><\/figure><div class=\"wp-block-media-text__content\">\n<p class=\"has-text-align-center\"><a href=\"https:\/\/www.instagram.com\/ateava21\/?hl=es\" target=\"_blank\" rel=\"noreferrer noopener\">Entrevista a una de las fundadoras de ATEAVA en Canal Sur<\/a><\/p>\n<\/div><\/div>\n\n\n\n<p><\/p>\n\n\n\n<div class=\"wp-block-media-text is-stacked-on-mobile\" style=\"grid-template-columns:46% auto\"><figure class=\"wp-block-media-text__media\"><img loading=\"lazy\" decoding=\"async\" width=\"956\" height=\"544\" src=\"http:\/\/ateava.es\/wp\/wp-content\/uploads\/2022\/07\/diarioes.jpg\" alt=\"\" class=\"wp-image-291 size-full\" srcset=\"http:\/\/ateava.es\/wp\/wp-content\/uploads\/2022\/07\/diarioes.jpg 956w, http:\/\/ateava.es\/wp\/wp-content\/uploads\/2022\/07\/diarioes-300x171.jpg 300w, http:\/\/ateava.es\/wp\/wp-content\/uploads\/2022\/07\/diarioes-768x437.jpg 768w\" sizes=\"auto, (max-width: 956px) 100vw, 956px\" \/><\/figure><div class=\"wp-block-media-text__content\">\n<p class=\"has-text-align-center\"><a rel=\"noreferrer noopener\" href=\"https:\/\/www.eldiario.es\/comunitat-valenciana\/afectados-efectos-cronicos-primera-vacuna-ultiman-plataforma-valencia-no-habido-dia-no-haya-tenido-cefaleas_1_8792389.html\" target=\"_blank\">Entrevista en elDiario.es<\/a> <a href=\"https:\/\/www.eldiario.es\/comunitat-valenciana\/afectados-efectos-cronicos-primera-vacuna-ultiman-plataforma-valencia-no-habido-dia-no-haya-tenido-cefaleas_1_8792389.html\" target=\"_blank\" rel=\"noreferrer noopener\"> a tres profesoras con fuertes dolores de cabeza desde su vacunaci\u00f3n<\/a><\/p>\n<\/div><\/div>\n\n\n\n<p><\/p>\n\n\n\n<div class=\"wp-block-media-text is-stacked-on-mobile\" style=\"grid-template-columns:45% auto\"><figure class=\"wp-block-media-text__media\"><img loading=\"lazy\" decoding=\"async\" width=\"667\" height=\"375\" src=\"http:\/\/ateava.es\/wp\/wp-content\/uploads\/2022\/07\/berta.jpg\" alt=\"\" class=\"wp-image-195 size-full\" srcset=\"http:\/\/ateava.es\/wp\/wp-content\/uploads\/2022\/07\/berta.jpg 667w, http:\/\/ateava.es\/wp\/wp-content\/uploads\/2022\/07\/berta-300x169.jpg 300w, http:\/\/ateava.es\/wp\/wp-content\/uploads\/2022\/07\/berta-528x297.jpg 528w\" sizes=\"auto, (max-width: 667px) 100vw, 667px\" \/><\/figure><div class=\"wp-block-media-text__content\">\n<p class=\"has-text-align-center\"><a rel=\"noreferrer noopener\" href=\"https:\/\/www.eldiadecordoba.es\/provincia\/Afectados-vacuna-astrazeneca-cordoba_0_1678633334.html?utm_source=whatsapp.com&amp;utm_medium=socialshare&amp;utm_campaign=mobile_web\" target=\"_blank\">Entrevista en El d\u00eda de C\u00f3rdoba: graves secuelas un a\u00f1o despu\u00e9s de la vacunaci\u00f3n de Astrazeneca<\/a><\/p>\n<\/div><\/div>\n\n\n\n<div class=\"wp-block-media-text is-stacked-on-mobile\" style=\"grid-template-columns:45% auto\"><figure class=\"wp-block-media-text__media\"><img loading=\"lazy\" decoding=\"async\" width=\"1024\" height=\"630\" src=\"http:\/\/ateava.es\/wp\/wp-content\/uploads\/2024\/02\/DiariCat-1024x630.jpg\" alt=\"\" class=\"wp-image-572 size-full\" srcset=\"http:\/\/ateava.es\/wp\/wp-content\/uploads\/2024\/02\/DiariCat-1024x630.jpg 1024w, http:\/\/ateava.es\/wp\/wp-content\/uploads\/2024\/02\/DiariCat-300x185.jpg 300w, http:\/\/ateava.es\/wp\/wp-content\/uploads\/2024\/02\/DiariCat-768x472.jpg 768w, http:\/\/ateava.es\/wp\/wp-content\/uploads\/2024\/02\/DiariCat-1536x945.jpg 1536w, http:\/\/ateava.es\/wp\/wp-content\/uploads\/2024\/02\/DiariCat-570x350.jpg 570w, http:\/\/ateava.es\/wp\/wp-content\/uploads\/2024\/02\/DiariCat.jpg 1736w\" sizes=\"auto, (max-width: 1024px) 100vw, 1024px\" \/><\/figure><div class=\"wp-block-media-text__content\">\n<p class=\"has-text-align-center\"><a href=\"https:\/\/catalunyadiari.com\/actualitat\/afectats-astrazeneca-podrien-indemnitzats\" target=\"_blank\" rel=\"noreferrer noopener\">Entrevista al presidente de ATEAVA (noticia en catal\u00e1n)<\/a><\/p>\n<\/div><\/div>\n\n\n\n<p><\/p>\n\n\n\n<div class=\"wp-block-media-text is-stacked-on-mobile\" style=\"grid-template-columns:45% auto\"><figure class=\"wp-block-media-text__media\"><img loading=\"lazy\" decoding=\"async\" width=\"1024\" height=\"686\" src=\"http:\/\/ateava.es\/wp\/wp-content\/uploads\/2022\/07\/marta-1024x686.jpg\" alt=\"\" class=\"wp-image-200 size-full\" srcset=\"http:\/\/ateava.es\/wp\/wp-content\/uploads\/2022\/07\/marta-1024x686.jpg 1024w, http:\/\/ateava.es\/wp\/wp-content\/uploads\/2022\/07\/marta-300x201.jpg 300w, http:\/\/ateava.es\/wp\/wp-content\/uploads\/2022\/07\/marta-768x514.jpg 768w, http:\/\/ateava.es\/wp\/wp-content\/uploads\/2022\/07\/marta.jpg 1514w\" sizes=\"auto, (max-width: 1024px) 100vw, 1024px\" \/><\/figure><div class=\"wp-block-media-text__content\">\n<p class=\"has-text-align-center\"><a rel=\"noreferrer noopener\" href=\"https:\/\/diario16.com\/fuimos-esenciales-y-ahora-somos-invisibles\/\" target=\"_blank\">Art\u00edculo de un miembro de ATEAVA en Diario16: Trabajadores esenciales instados a vacunarse pero invisibilizados un a\u00f1o despu\u00e9s<\/a><\/p>\n<\/div><\/div>\n\n\n\n<p><\/p>\n\n\n\n<div class=\"wp-block-media-text is-stacked-on-mobile\" style=\"grid-template-columns:45% auto\"><figure class=\"wp-block-media-text__media\"><img loading=\"lazy\" decoding=\"async\" width=\"1024\" height=\"605\" src=\"http:\/\/ateava.es\/wp\/wp-content\/uploads\/2022\/07\/larazon-1-1024x605.jpg\" alt=\"\" class=\"wp-image-329 size-full\" srcset=\"http:\/\/ateava.es\/wp\/wp-content\/uploads\/2022\/07\/larazon-1-1024x605.jpg 1024w, http:\/\/ateava.es\/wp\/wp-content\/uploads\/2022\/07\/larazon-1-300x177.jpg 300w, http:\/\/ateava.es\/wp\/wp-content\/uploads\/2022\/07\/larazon-1-768x454.jpg 768w, http:\/\/ateava.es\/wp\/wp-content\/uploads\/2022\/07\/larazon-1.jpg 1182w\" sizes=\"auto, (max-width: 1024px) 100vw, 1024px\" \/><\/figure><div class=\"wp-block-media-text__content\">\n<p class=\"has-text-align-center\"><a rel=\"noreferrer noopener\" href=\"https:\/\/www.larazon.es\/comunidad-valenciana\/20220427\/5v27tla2cfcwbnstk4fkifgn7a.html\" target=\"_blank\">Noticia en La Raz\u00f3n: afectados que despu\u00e9s de un a\u00f1o de la vacunaci\u00f3n con Astrazeneca siguen de baja y sumando s\u00edntomas<\/a><\/p>\n<\/div><\/div>\n\n\n\n<p><\/p>\n\n\n\n<div class=\"wp-block-media-text is-stacked-on-mobile\" style=\"grid-template-columns:45% auto\"><figure class=\"wp-block-media-text__media\"><img loading=\"lazy\" decoding=\"async\" width=\"844\" height=\"702\" src=\"http:\/\/ateava.es\/wp\/wp-content\/uploads\/2022\/07\/Manifiesto_Acaip.jpg\" alt=\"\" class=\"wp-image-237 size-full\" srcset=\"http:\/\/ateava.es\/wp\/wp-content\/uploads\/2022\/07\/Manifiesto_Acaip.jpg 844w, http:\/\/ateava.es\/wp\/wp-content\/uploads\/2022\/07\/Manifiesto_Acaip-300x250.jpg 300w, http:\/\/ateava.es\/wp\/wp-content\/uploads\/2022\/07\/Manifiesto_Acaip-768x639.jpg 768w\" sizes=\"auto, (max-width: 844px) 100vw, 844px\" \/><\/figure><div class=\"wp-block-media-text__content\">\n<p class=\"has-text-align-center\"><a rel=\"noreferrer noopener\" href=\"https:\/\/www.acaip.es\/areas\/informacion-general\/item\/22929-manifiesto-atenava-en-el-dia-de-la-salud-laboral\" target=\"_blank\">El sindicato acaip publica el Manifiesto de ATEAVA con motivo del d\u00eda de la salud laboral<\/a><\/p>\n<\/div><\/div>\n\n\n\n<p><\/p>\n\n\n\n<div class=\"wp-block-media-text is-stacked-on-mobile\" style=\"grid-template-columns:45% auto\"><figure class=\"wp-block-media-text__media\"><img loading=\"lazy\" decoding=\"async\" width=\"1024\" height=\"595\" src=\"http:\/\/ateava.es\/wp\/wp-content\/uploads\/2022\/07\/sindicato_cgt-1024x595.jpg\" alt=\"\" class=\"wp-image-241 size-full\" srcset=\"http:\/\/ateava.es\/wp\/wp-content\/uploads\/2022\/07\/sindicato_cgt-1024x595.jpg 1024w, http:\/\/ateava.es\/wp\/wp-content\/uploads\/2022\/07\/sindicato_cgt-300x174.jpg 300w, http:\/\/ateava.es\/wp\/wp-content\/uploads\/2022\/07\/sindicato_cgt-768x446.jpg 768w, http:\/\/ateava.es\/wp\/wp-content\/uploads\/2022\/07\/sindicato_cgt.jpg 1260w\" sizes=\"auto, (max-width: 1024px) 100vw, 1024px\" \/><\/figure><div class=\"wp-block-media-text__content\">\n<p class=\"has-text-align-center\"><a rel=\"noreferrer noopener\" href=\"https:\/\/www.cgtpv.org\/manifiesto-de-ateava-en-el-dia-internacional-de-la-seguridad-y-salud-laboral\/\" target=\"_blank\">El sindicato CGT publica el Manifiesto de ATEAVA con motivo del d\u00eda de la salud laboral<\/a><\/p>\n<\/div><\/div>\n\n\n\n<p><\/p>\n\n\n\n<div class=\"wp-block-media-text is-stacked-on-mobile\" style=\"grid-template-columns:45% auto\"><figure class=\"wp-block-media-text__media\"><img loading=\"lazy\" decoding=\"async\" width=\"764\" height=\"554\" src=\"http:\/\/ateava.es\/wp\/wp-content\/uploads\/2022\/07\/Bea_propuestasGobierno-2.jpg\" alt=\"\" class=\"wp-image-247 size-full\" srcset=\"http:\/\/ateava.es\/wp\/wp-content\/uploads\/2022\/07\/Bea_propuestasGobierno-2.jpg 764w, http:\/\/ateava.es\/wp\/wp-content\/uploads\/2022\/07\/Bea_propuestasGobierno-2-300x218.jpg 300w\" sizes=\"auto, (max-width: 764px) 100vw, 764px\" \/><\/figure><div class=\"wp-block-media-text__content\">\n<p class=\"has-text-align-center\"><a href=\"https:\/\/diario16.com\/la-asociacion-de-trabajadores-esenciales-afectados-por-la-vacuna-astrazeneca-plantean-propuestas-al-gobierno-sobre-su-situacion\/\" target=\"_blank\" rel=\"noreferrer noopener\">Diario 16: ATEAVA propone al gobierno soluciones para la situaci\u00f3n de sus afectados<\/a><\/p>\n<\/div><\/div>\n\n\n\n<p><\/p>\n\n\n\n<div class=\"wp-block-media-text is-stacked-on-mobile\" style=\"grid-template-columns:45% auto\"><figure class=\"wp-block-media-text__media\"><img loading=\"lazy\" decoding=\"async\" width=\"1024\" height=\"753\" src=\"http:\/\/ateava.es\/wp\/wp-content\/uploads\/2022\/07\/uso-1024x753.jpg\" alt=\"\" class=\"wp-image-251 size-full\" srcset=\"http:\/\/ateava.es\/wp\/wp-content\/uploads\/2022\/07\/uso-1024x753.jpg 1024w, http:\/\/ateava.es\/wp\/wp-content\/uploads\/2022\/07\/uso-300x221.jpg 300w, http:\/\/ateava.es\/wp\/wp-content\/uploads\/2022\/07\/uso-768x565.jpg 768w, http:\/\/ateava.es\/wp\/wp-content\/uploads\/2022\/07\/uso.jpg 1338w\" sizes=\"auto, (max-width: 1024px) 100vw, 1024px\" \/><\/figure><div class=\"wp-block-media-text__content\">\n<p class=\"has-text-align-center\"><a rel=\"noreferrer noopener\" href=\"https:\/\/www.uso.es\/uso-respalda-a-los-trabajadores-afectados-por-la-vacuna-astrazeneca\/\" target=\"_blank\">La uni\u00f3n Sindical Obrera se re\u00fane con ATEAVA y respalda sus peticiones<\/a><\/p>\n<\/div><\/div>\n\n\n\n<p><\/p>\n\n\n\n<div class=\"wp-block-media-text is-stacked-on-mobile\" style=\"grid-template-columns:45% auto\"><figure class=\"wp-block-media-text__media\"><img loading=\"lazy\" decoding=\"async\" width=\"1024\" height=\"803\" src=\"http:\/\/ateava.es\/wp\/wp-content\/uploads\/2022\/07\/theobjective-1-1024x803.jpg\" alt=\"\" class=\"wp-image-327 size-full\" srcset=\"http:\/\/ateava.es\/wp\/wp-content\/uploads\/2022\/07\/theobjective-1-1024x803.jpg 1024w, http:\/\/ateava.es\/wp\/wp-content\/uploads\/2022\/07\/theobjective-1-300x235.jpg 300w, http:\/\/ateava.es\/wp\/wp-content\/uploads\/2022\/07\/theobjective-1-768x602.jpg 768w, http:\/\/ateava.es\/wp\/wp-content\/uploads\/2022\/07\/theobjective-1.jpg 1370w\" sizes=\"auto, (max-width: 1024px) 100vw, 1024px\" \/><\/figure><div class=\"wp-block-media-text__content\">\n<p class=\"has-text-align-center\"><a href=\"https:\/\/theobjective.com\/espana\/2022-05-23\/trabajadores-esenciales-vacuna-astrazeneca\/\" target=\"_blank\" rel=\"noreferrer noopener\">The Objective: art\u00edculo que resume la situaci\u00f3n de los afectados de ATEAVA un a\u00f1o despu\u00e9s de la paralizaci\u00f3n de la vacuna AstraZeneca en Espa\u00f1a<\/a><\/p>\n<\/div><\/div>\n\n\n\n<p><\/p>\n\n\n\n<div class=\"wp-block-media-text is-stacked-on-mobile\" style=\"grid-template-columns:45% auto\"><figure class=\"wp-block-media-text__media\"><img loading=\"lazy\" decoding=\"async\" width=\"1024\" height=\"915\" src=\"http:\/\/ateava.es\/wp\/wp-content\/uploads\/2022\/07\/diario16_uso-1024x915.jpg\" alt=\"\" class=\"wp-image-249 size-full\" srcset=\"http:\/\/ateava.es\/wp\/wp-content\/uploads\/2022\/07\/diario16_uso-1024x915.jpg 1024w, http:\/\/ateava.es\/wp\/wp-content\/uploads\/2022\/07\/diario16_uso-300x268.jpg 300w, http:\/\/ateava.es\/wp\/wp-content\/uploads\/2022\/07\/diario16_uso-768x686.jpg 768w, http:\/\/ateava.es\/wp\/wp-content\/uploads\/2022\/07\/diario16_uso.jpg 1462w\" sizes=\"auto, (max-width: 1024px) 100vw, 1024px\" \/><\/figure><div class=\"wp-block-media-text__content\">\n<p class=\"has-text-align-center\"><a href=\"https:\/\/diario16.com\/el-sindicato-uso-respalda-a-los-trabajadores-afectados-por-la-vacuna-astrazeneca-contra-el-covid-19\/\" target=\"_blank\" rel=\"noreferrer noopener\">El sindicato USO respalda a los trabajadores afectados por AstraZeneca<\/a><\/p>\n<\/div><\/div>\n\n\n\n<p><\/p>\n\n\n\n<div class=\"wp-block-media-text is-stacked-on-mobile\" style=\"grid-template-columns:45% auto\"><figure class=\"wp-block-media-text__media\"><img loading=\"lazy\" decoding=\"async\" width=\"1024\" height=\"643\" src=\"http:\/\/ateava.es\/wp\/wp-content\/uploads\/2022\/07\/elsalto-1024x643.jpg\" alt=\"\" class=\"wp-image-325 size-full\" srcset=\"http:\/\/ateava.es\/wp\/wp-content\/uploads\/2022\/07\/elsalto-1024x643.jpg 1024w, http:\/\/ateava.es\/wp\/wp-content\/uploads\/2022\/07\/elsalto-300x188.jpg 300w, http:\/\/ateava.es\/wp\/wp-content\/uploads\/2022\/07\/elsalto-768x482.jpg 768w, http:\/\/ateava.es\/wp\/wp-content\/uploads\/2022\/07\/elsalto-1536x965.jpg 1536w, http:\/\/ateava.es\/wp\/wp-content\/uploads\/2022\/07\/elsalto.jpg 1962w\" sizes=\"auto, (max-width: 1024px) 100vw, 1024px\" \/><\/figure><div class=\"wp-block-media-text__content\">\n<p class=\"has-text-align-center\"><a href=\"https:\/\/www.elsaltodiario.com\/coronavirus\/trabajadoras-afectadas-vacuna-alian-sindicatos-buscando-reconocimiento-patologia\" target=\"_blank\" rel=\"noreferrer noopener\">La dura realidad de los afectados por la Vacuna AstraZeneca y el respaldo de los sindicatos en su reconocimiento<\/a><\/p>\n<\/div><\/div>\n\n\n\n<p><\/p>\n\n\n\n<div class=\"wp-block-media-text is-stacked-on-mobile\" style=\"grid-template-columns:45% auto\"><figure class=\"wp-block-media-text__media\"><img loading=\"lazy\" decoding=\"async\" width=\"1024\" height=\"660\" src=\"http:\/\/ateava.es\/wp\/wp-content\/uploads\/2022\/07\/CCOO-1024x660.jpg\" alt=\"\" class=\"wp-image-306 size-full\" srcset=\"http:\/\/ateava.es\/wp\/wp-content\/uploads\/2022\/07\/CCOO-1024x660.jpg 1024w, http:\/\/ateava.es\/wp\/wp-content\/uploads\/2022\/07\/CCOO-300x193.jpg 300w, http:\/\/ateava.es\/wp\/wp-content\/uploads\/2022\/07\/CCOO-768x495.jpg 768w, http:\/\/ateava.es\/wp\/wp-content\/uploads\/2022\/07\/CCOO-1536x989.jpg 1536w, http:\/\/ateava.es\/wp\/wp-content\/uploads\/2022\/07\/CCOO.jpg 1928w\" sizes=\"auto, (max-width: 1024px) 100vw, 1024px\" \/><\/figure><div class=\"wp-block-media-text__content\">\n<p class=\"has-text-align-center\"><a href=\"https:\/\/fe.ccoo.es\/noticia:632979\" target=\"_blank\" rel=\"noreferrer noopener\">Comisiones Obreras apoya las reivindicaciones de ATEAVA para visibilizar a las personas afectadas y pedir un seguimiento de los casos y as\u00ed conocer las consecuencias laborales de su incapacidad.<\/a><\/p>\n<\/div><\/div>\n\n\n\n<p><\/p>\n\n\n\n<div class=\"wp-block-media-text is-stacked-on-mobile\" style=\"grid-template-columns:45% auto\"><figure class=\"wp-block-media-text__media\"><img loading=\"lazy\" decoding=\"async\" width=\"1024\" height=\"705\" src=\"http:\/\/ateava.es\/wp\/wp-content\/uploads\/2022\/07\/fesvet-1024x705.jpg\" alt=\"\" class=\"wp-image-309 size-full\" srcset=\"http:\/\/ateava.es\/wp\/wp-content\/uploads\/2022\/07\/fesvet-1024x705.jpg 1024w, http:\/\/ateava.es\/wp\/wp-content\/uploads\/2022\/07\/fesvet-300x207.jpg 300w, http:\/\/ateava.es\/wp\/wp-content\/uploads\/2022\/07\/fesvet-768x529.jpg 768w, http:\/\/ateava.es\/wp\/wp-content\/uploads\/2022\/07\/fesvet-1536x1057.jpg 1536w, http:\/\/ateava.es\/wp\/wp-content\/uploads\/2022\/07\/fesvet.jpg 1592w\" sizes=\"auto, (max-width: 1024px) 100vw, 1024px\" \/><\/figure><div class=\"wp-block-media-text__content\">\n<p class=\"has-text-align-center\"><a href=\"https:\/\/www.imveterinaria.es\/noticia\/6029\/fesvet-se-hace-eco-de-los-efectos-negativos-de-la-vacunacion-contra-e.html\" target=\"_blank\" rel=\"noreferrer noopener\">FESVET se hace eco de los efectos negativos de la vacunaci\u00f3n contra el COVID19 sufrida por los veterinarios<\/a><\/p>\n<\/div><\/div>\n\n\n\n<p><\/p>\n\n\n\n<div class=\"wp-block-media-text is-stacked-on-mobile\" style=\"grid-template-columns:45% auto\"><figure class=\"wp-block-media-text__media\"><img loading=\"lazy\" decoding=\"async\" width=\"1024\" height=\"531\" src=\"http:\/\/ateava.es\/wp\/wp-content\/uploads\/2022\/07\/uso_notaprensa-1024x531.jpg\" alt=\"\" class=\"wp-image-312 size-full\" srcset=\"http:\/\/ateava.es\/wp\/wp-content\/uploads\/2022\/07\/uso_notaprensa-1024x531.jpg 1024w, http:\/\/ateava.es\/wp\/wp-content\/uploads\/2022\/07\/uso_notaprensa-300x155.jpg 300w, http:\/\/ateava.es\/wp\/wp-content\/uploads\/2022\/07\/uso_notaprensa-768x398.jpg 768w, http:\/\/ateava.es\/wp\/wp-content\/uploads\/2022\/07\/uso_notaprensa.jpg 1432w\" sizes=\"auto, (max-width: 1024px) 100vw, 1024px\" \/><\/figure><div class=\"wp-block-media-text__content\">\n<p class=\"has-text-align-center\"><a href=\"https:\/\/www.uso.es\/uso-apoya-las-reivindicaciones-en-materia-laboral-de-ateava\/\" target=\"_blank\" rel=\"noreferrer noopener\">El sindicato USO apoya las reivindicaciones en material laboral de ATEAVA<\/a><\/p>\n<\/div><\/div>\n\n\n\n<p><\/p>\n\n\n\n<div class=\"wp-block-media-text is-stacked-on-mobile\" style=\"grid-template-columns:45% auto\"><figure class=\"wp-block-media-text__media\"><img loading=\"lazy\" decoding=\"async\" width=\"1024\" height=\"331\" src=\"http:\/\/ateava.es\/wp\/wp-content\/uploads\/2022\/07\/AXON-1024x331.jpg\" alt=\"\" class=\"wp-image-314 size-full\" srcset=\"http:\/\/ateava.es\/wp\/wp-content\/uploads\/2022\/07\/AXON-1024x331.jpg 1024w, http:\/\/ateava.es\/wp\/wp-content\/uploads\/2022\/07\/AXON-300x97.jpg 300w, http:\/\/ateava.es\/wp\/wp-content\/uploads\/2022\/07\/AXON-768x248.jpg 768w, http:\/\/ateava.es\/wp\/wp-content\/uploads\/2022\/07\/AXON-1536x497.jpg 1536w, http:\/\/ateava.es\/wp\/wp-content\/uploads\/2022\/07\/AXON-2048x662.jpg 2048w\" sizes=\"auto, (max-width: 1024px) 100vw, 1024px\" \/><\/figure><div class=\"wp-block-media-text__content\">\n<p class=\"has-text-align-center\"><a href=\"https:\/\/axoncomunicacion.net\/documento-conjunto-ateava-sindicatos\/\" target=\"_blank\" rel=\"noreferrer noopener\">Nota de prensa: Documento conjunto ATEAVA &#8211; SINDICATOS<\/a><\/p>\n<\/div><\/div>\n\n\n\n<div class=\"wp-block-media-text is-stacked-on-mobile\" style=\"grid-template-columns:45% auto\"><figure class=\"wp-block-media-text__media\"><img loading=\"lazy\" decoding=\"async\" width=\"1024\" height=\"1007\" src=\"http:\/\/ateava.es\/wp\/wp-content\/uploads\/2022\/10\/heraldo-1024x1007.png\" alt=\"\" class=\"wp-image-426 size-full\" srcset=\"http:\/\/ateava.es\/wp\/wp-content\/uploads\/2022\/10\/heraldo-1024x1007.png 1024w, http:\/\/ateava.es\/wp\/wp-content\/uploads\/2022\/10\/heraldo-300x295.png 300w, http:\/\/ateava.es\/wp\/wp-content\/uploads\/2022\/10\/heraldo-768x755.png 768w, http:\/\/ateava.es\/wp\/wp-content\/uploads\/2022\/10\/heraldo.png 1351w\" sizes=\"auto, (max-width: 1024px) 100vw, 1024px\" \/><\/figure><div class=\"wp-block-media-text__content\">\n<p class=\"has-text-align-center\"><a href=\"https:\/\/www.heraldo.es\/noticias\/aragon\/zaragoza\/2022\/10\/09\/nace-ateava-una-asociacion-de-trabajadores-esenciales-afectados-por-astrazeneca-1604278.html\" target=\"_blank\" rel=\"noreferrer noopener\">Los casos de Mar\u00eda, Paloma y Sara en el Heraldo<\/a><\/p>\n<\/div><\/div>\n\n\n\n<div class=\"wp-block-media-text is-stacked-on-mobile\" style=\"grid-template-columns:45% auto\"><figure class=\"wp-block-media-text__media\"><img loading=\"lazy\" decoding=\"async\" width=\"1024\" height=\"767\" src=\"http:\/\/ateava.es\/wp\/wp-content\/uploads\/2022\/11\/20minuto-1024x767.png\" alt=\"\" class=\"wp-image-446 size-full\" srcset=\"http:\/\/ateava.es\/wp\/wp-content\/uploads\/2022\/11\/20minuto-1024x767.png 1024w, http:\/\/ateava.es\/wp\/wp-content\/uploads\/2022\/11\/20minuto-300x225.png 300w, http:\/\/ateava.es\/wp\/wp-content\/uploads\/2022\/11\/20minuto-768x575.png 768w, http:\/\/ateava.es\/wp\/wp-content\/uploads\/2022\/11\/20minuto.png 1496w\" sizes=\"auto, (max-width: 1024px) 100vw, 1024px\" \/><\/figure><div class=\"wp-block-media-text__content\">\n<p class=\"has-text-align-center\"><a href=\"https:\/\/www.20minutos.es\/noticia\/5067675\/0\/ateava-una-asociacion-de-trabajadores-esenciales-afectados-por-astrazeneca\/\" target=\"_blank\" rel=\"noreferrer noopener\">ATEAVA , una Asociaci\u00f3n de Trabajadores Esenciales Afectados por Astrazeneca<\/a><\/p>\n<\/div><\/div>\n\n\n\n<div class=\"wp-block-media-text is-stacked-on-mobile\" style=\"grid-template-columns:45% auto\"><figure class=\"wp-block-media-text__media\"><img loading=\"lazy\" decoding=\"async\" width=\"997\" height=\"1024\" src=\"http:\/\/ateava.es\/wp\/wp-content\/uploads\/2022\/12\/eva_burgos-997x1024.png\" alt=\"\" class=\"wp-image-463 size-full\" srcset=\"http:\/\/ateava.es\/wp\/wp-content\/uploads\/2022\/12\/eva_burgos-997x1024.png 997w, http:\/\/ateava.es\/wp\/wp-content\/uploads\/2022\/12\/eva_burgos-292x300.png 292w, http:\/\/ateava.es\/wp\/wp-content\/uploads\/2022\/12\/eva_burgos-768x789.png 768w, http:\/\/ateava.es\/wp\/wp-content\/uploads\/2022\/12\/eva_burgos-1496x1536.png 1496w, http:\/\/ateava.es\/wp\/wp-content\/uploads\/2022\/12\/eva_burgos.png 1556w\" sizes=\"auto, (max-width: 997px) 100vw, 997px\" \/><\/figure><div class=\"wp-block-media-text__content\">\n<p class=\"has-text-align-center\"><a rel=\"noreferrer noopener\" href=\"https:\/\/www.diariodeburgos.es\/Noticia\/Z118A20CF-CB05-AADA-4CF61635B491F5DF\/202211\/Mas-de-un-ano-en-busca-de-diagnostico\" target=\"_blank\">Eva, m\u00e1s de un a\u00f1o y medio sin diagn\u00f3stico y sin poder hacer nada de los que hace una persona de 25 a\u00f1os<\/a><\/p>\n\n\n\n<p><\/p>\n<\/div><\/div>\n\n\n\n<div class=\"wp-block-media-text is-stacked-on-mobile\" style=\"grid-template-columns:45% auto\"><figure class=\"wp-block-media-text__media\"><img loading=\"lazy\" decoding=\"async\" width=\"1024\" height=\"863\" src=\"http:\/\/ateava.es\/wp\/wp-content\/uploads\/2022\/12\/csif_medicos-1024x863.png\" alt=\"\" class=\"wp-image-478 size-full\" srcset=\"http:\/\/ateava.es\/wp\/wp-content\/uploads\/2022\/12\/csif_medicos-1024x863.png 1024w, http:\/\/ateava.es\/wp\/wp-content\/uploads\/2022\/12\/csif_medicos-300x253.png 300w, http:\/\/ateava.es\/wp\/wp-content\/uploads\/2022\/12\/csif_medicos-768x647.png 768w, http:\/\/ateava.es\/wp\/wp-content\/uploads\/2022\/12\/csif_medicos-1536x1294.png 1536w, http:\/\/ateava.es\/wp\/wp-content\/uploads\/2022\/12\/csif_medicos.png 1768w\" sizes=\"auto, (max-width: 1024px) 100vw, 1024px\" \/><\/figure><div class=\"wp-block-media-text__content\">\n<p class=\"has-text-align-center\"><a href=\"https:\/\/www.csif.es\/contenido\/comunidad-valenciana\/general\/353570\" target=\"_blank\" rel=\"noreferrer noopener\">El sindicato CSIF apoya a los trabajadores afectados por la vacuna AstreZeneca y pide soluciones<\/a><\/p>\n\n\n\n<p><\/p>\n<\/div><\/div>\n\n\n\n<div class=\"wp-block-media-text is-stacked-on-mobile\" style=\"grid-template-columns:45% auto\"><figure class=\"wp-block-media-text__media\"><img loading=\"lazy\" decoding=\"async\" width=\"1024\" height=\"689\" src=\"http:\/\/ateava.es\/wp\/wp-content\/uploads\/2022\/12\/D16_medicos-1-1024x689.png\" alt=\"\" class=\"wp-image-480 size-full\" srcset=\"http:\/\/ateava.es\/wp\/wp-content\/uploads\/2022\/12\/D16_medicos-1-1024x689.png 1024w, http:\/\/ateava.es\/wp\/wp-content\/uploads\/2022\/12\/D16_medicos-1-300x202.png 300w, http:\/\/ateava.es\/wp\/wp-content\/uploads\/2022\/12\/D16_medicos-1-768x517.png 768w, http:\/\/ateava.es\/wp\/wp-content\/uploads\/2022\/12\/D16_medicos-1-1536x1033.png 1536w, http:\/\/ateava.es\/wp\/wp-content\/uploads\/2022\/12\/D16_medicos-1.png 1588w\" sizes=\"auto, (max-width: 1024px) 100vw, 1024px\" \/><\/figure><div class=\"wp-block-media-text__content\">\n<p class=\"has-text-align-center\"><a href=\"https:\/\/diario16.com\/los-afectados-por-la-vacuna-de-astrazeneca-reciben-respaldo-de-profesionales-sanitarios-ante-sus-denuncias-reiteradas\/\" target=\"_blank\" rel=\"noreferrer noopener\">Los miembros de ATEAVA reciben el respaldo de profesionales sanitarios<\/a><\/p>\n\n\n\n<p><\/p>\n<\/div><\/div>\n\n\n\n<div class=\"wp-block-media-text is-stacked-on-mobile\" style=\"grid-template-columns:45% auto\"><figure class=\"wp-block-media-text__media\"><img loading=\"lazy\" decoding=\"async\" width=\"1024\" height=\"730\" src=\"http:\/\/ateava.es\/wp\/wp-content\/uploads\/2023\/01\/DCordobaMedicos-1024x730.png\" alt=\"\" class=\"wp-image-488 size-full\" srcset=\"http:\/\/ateava.es\/wp\/wp-content\/uploads\/2023\/01\/DCordobaMedicos-1024x730.png 1024w, http:\/\/ateava.es\/wp\/wp-content\/uploads\/2023\/01\/DCordobaMedicos-300x214.png 300w, http:\/\/ateava.es\/wp\/wp-content\/uploads\/2023\/01\/DCordobaMedicos-768x547.png 768w, http:\/\/ateava.es\/wp\/wp-content\/uploads\/2023\/01\/DCordobaMedicos-1536x1094.png 1536w, http:\/\/ateava.es\/wp\/wp-content\/uploads\/2023\/01\/DCordobaMedicos.png 1982w\" sizes=\"auto, (max-width: 1024px) 100vw, 1024px\" \/><\/figure><div class=\"wp-block-media-text__content\">\n<p><a href=\"https:\/\/www.diariocordoba.com\/cordoba-ciudad\/2022\/12\/30\/afectados-vacuna-astrazeneca-piden-les-80526025.html\" target=\"_blank\" rel=\"noreferrer noopener\">Diario de C\u00f3rdoba: ATEAVA recibe los primeros apoyos de profesionales m\u00e9dicos<\/a><\/p>\n<\/div><\/div>\n\n\n\n<div class=\"wp-block-media-text is-stacked-on-mobile\" style=\"grid-template-columns:45% auto\"><figure class=\"wp-block-media-text__media\"><img loading=\"lazy\" decoding=\"async\" width=\"1017\" height=\"1024\" src=\"http:\/\/ateava.es\/wp\/wp-content\/uploads\/2024\/02\/pnl-1017x1024.jpg\" alt=\"\" class=\"wp-image-571 size-full\" srcset=\"http:\/\/ateava.es\/wp\/wp-content\/uploads\/2024\/02\/pnl-1017x1024.jpg 1017w, http:\/\/ateava.es\/wp\/wp-content\/uploads\/2024\/02\/pnl-298x300.jpg 298w, http:\/\/ateava.es\/wp\/wp-content\/uploads\/2024\/02\/pnl-150x150.jpg 150w, http:\/\/ateava.es\/wp\/wp-content\/uploads\/2024\/02\/pnl-768x774.jpg 768w, http:\/\/ateava.es\/wp\/wp-content\/uploads\/2024\/02\/pnl.jpg 1358w\" sizes=\"auto, (max-width: 1017px) 100vw, 1017px\" \/><\/figure><div class=\"wp-block-media-text__content\">\n<p><a href=\"https:\/\/www.vozpopuli.com\/espana\/podemos-erc-quieren-registro-personas-efectos-secundarios-vacunas-covid.html\" data-type=\"link\" data-id=\"https:\/\/www.vozpopuli.com\/espana\/podemos-erc-quieren-registro-personas-efectos-secundarios-vacunas-covid.html\">ATEAVA presenta una Proposici\u00f3n No de Ley al Congreso de los Diputado<\/a><a href=\"https:\/\/www.vozpopuli.com\/espana\/podemos-erc-quieren-registro-personas-efectos-secundarios-vacunas-covid.html\" data-type=\"link\" data-id=\"https:\/\/www.vozpopuli.com\/espana\/podemos-erc-quieren-registro-personas-efectos-secundarios-vacunas-covid.html\" target=\"_blank\" rel=\"noreferrer noopener\">s<\/a><\/p>\n<\/div><\/div>\n\n\n\n<div class=\"wp-block-media-text is-stacked-on-mobile\" style=\"grid-template-columns:45% auto\"><figure class=\"wp-block-media-text__media\"><img loading=\"lazy\" decoding=\"async\" width=\"1024\" height=\"927\" src=\"http:\/\/ateava.es\/wp\/wp-content\/uploads\/2024\/02\/tve-1024x927.jpg\" alt=\"\" class=\"wp-image-573 size-full\" srcset=\"http:\/\/ateava.es\/wp\/wp-content\/uploads\/2024\/02\/tve-1024x927.jpg 1024w, http:\/\/ateava.es\/wp\/wp-content\/uploads\/2024\/02\/tve-300x272.jpg 300w, http:\/\/ateava.es\/wp\/wp-content\/uploads\/2024\/02\/tve-768x696.jpg 768w, http:\/\/ateava.es\/wp\/wp-content\/uploads\/2024\/02\/tve.jpg 1124w\" sizes=\"auto, (max-width: 1024px) 100vw, 1024px\" \/><\/figure><div class=\"wp-block-media-text__content\">\n<p><a href=\"https:\/\/diario16plus.com\/tve-se-hace-eco-de-las-situacion-que-padecen-las-personas-afectadas-por-las-vacunas-del-covid-19\/\" target=\"_blank\" rel=\"noreferrer noopener\">TVE se hace eco de la situaci\u00f3n que padecen los afectados por las vacunas COVID-19<\/a><\/p>\n<\/div><\/div>\n\n\n\n<div class=\"wp-block-media-text is-stacked-on-mobile\" style=\"grid-template-columns:45% auto\"><figure class=\"wp-block-media-text__media\"><img loading=\"lazy\" decoding=\"async\" width=\"1024\" height=\"999\" src=\"http:\/\/ateava.es\/wp\/wp-content\/uploads\/2024\/02\/publico1-1024x999.jpg\" alt=\"\" class=\"wp-image-574 size-full\" srcset=\"http:\/\/ateava.es\/wp\/wp-content\/uploads\/2024\/02\/publico1-1024x999.jpg 1024w, http:\/\/ateava.es\/wp\/wp-content\/uploads\/2024\/02\/publico1-300x293.jpg 300w, http:\/\/ateava.es\/wp\/wp-content\/uploads\/2024\/02\/publico1-768x749.jpg 768w, http:\/\/ateava.es\/wp\/wp-content\/uploads\/2024\/02\/publico1.jpg 1534w\" sizes=\"auto, (max-width: 1024px) 100vw, 1024px\" \/><\/figure><div class=\"wp-block-media-text__content\">\n<p><a href=\"https:\/\/www.publico.es\/sociedad\/informe-sanidad-recoge-14000-efectos-graves-500-desenlaces-mortales-vacunas-covid.html#md=modulo-portada-bloque:4col-t5;mm=mobile-big\" target=\"_blank\" rel=\"noreferrer noopener\">Entrevista a Afectados de las vacunas COVID-19 <\/a><\/p>\n<\/div><\/div>\n\n\n\n<div class=\"wp-block-media-text is-stacked-on-mobile\" style=\"grid-template-columns:45% auto\"><figure class=\"wp-block-media-text__media\"><img loading=\"lazy\" decoding=\"async\" width=\"1024\" height=\"958\" src=\"http:\/\/ateava.es\/wp\/wp-content\/uploads\/2024\/02\/publico2-1024x958.jpg\" alt=\"\" class=\"wp-image-575 size-full\" srcset=\"http:\/\/ateava.es\/wp\/wp-content\/uploads\/2024\/02\/publico2-1024x958.jpg 1024w, http:\/\/ateava.es\/wp\/wp-content\/uploads\/2024\/02\/publico2-300x281.jpg 300w, http:\/\/ateava.es\/wp\/wp-content\/uploads\/2024\/02\/publico2-768x718.jpg 768w, http:\/\/ateava.es\/wp\/wp-content\/uploads\/2024\/02\/publico2-1536x1436.jpg 1536w, http:\/\/ateava.es\/wp\/wp-content\/uploads\/2024\/02\/publico2.jpg 1572w\" sizes=\"auto, (max-width: 1024px) 100vw, 1024px\" \/><\/figure><div class=\"wp-block-media-text__content\">\n<p><a href=\"https:\/\/www.publico.es\/sociedad\/sindicatos-asociaciones-afectados-piden-investiguen-efectos-secundarios-vacunas-covid.html?utm_source=twitter&amp;utm_medium=social&amp;utm_campaign=web\" target=\"_blank\" rel=\"noreferrer noopener\">Sindicatos y abogados apoyan la problem\u00e1tica laboral de los afectados por las vacunas COVID-19<\/a><\/p>\n\n\n\n<p><\/p>\n<\/div><\/div>\n\n\n\n<div class=\"wp-block-media-text is-stacked-on-mobile\" style=\"grid-template-columns:45% auto\"><figure class=\"wp-block-media-text__media\"><img loading=\"lazy\" decoding=\"async\" width=\"1024\" height=\"991\" src=\"http:\/\/ateava.es\/wp\/wp-content\/uploads\/2024\/02\/salto-1024x991.jpg\" alt=\"\" class=\"wp-image-585 size-full\" srcset=\"http:\/\/ateava.es\/wp\/wp-content\/uploads\/2024\/02\/salto-1024x991.jpg 1024w, http:\/\/ateava.es\/wp\/wp-content\/uploads\/2024\/02\/salto-300x290.jpg 300w, http:\/\/ateava.es\/wp\/wp-content\/uploads\/2024\/02\/salto-768x743.jpg 768w, http:\/\/ateava.es\/wp\/wp-content\/uploads\/2024\/02\/salto.jpg 1226w\" sizes=\"auto, (max-width: 1024px) 100vw, 1024px\" \/><\/figure><div class=\"wp-block-media-text__content\">\n<p><a href=\"https:\/\/www.elsaltodiario.com\/vacunas\/afectadas-afectados-vacuna-astrazeneca-piden-se-reconozca-origen-laboral-patologias\" target=\"_blank\" rel=\"noreferrer noopener\">ATEAVA se re\u00fane con la AEMPS y con FISCAL\u00cdA en busca de soluciones<\/a><\/p>\n\n\n\n<p><\/p>\n<\/div><\/div>\n\n\n\n<div class=\"wp-block-media-text is-stacked-on-mobile\" style=\"grid-template-columns:45% auto\"><figure class=\"wp-block-media-text__media\"><img loading=\"lazy\" decoding=\"async\" width=\"1024\" height=\"642\" src=\"http:\/\/ateava.es\/wp\/wp-content\/uploads\/2024\/02\/objective-1024x642.jpg\" alt=\"\" class=\"wp-image-589 size-full\" srcset=\"http:\/\/ateava.es\/wp\/wp-content\/uploads\/2024\/02\/objective-1024x642.jpg 1024w, http:\/\/ateava.es\/wp\/wp-content\/uploads\/2024\/02\/objective-300x188.jpg 300w, http:\/\/ateava.es\/wp\/wp-content\/uploads\/2024\/02\/objective-768x481.jpg 768w, http:\/\/ateava.es\/wp\/wp-content\/uploads\/2024\/02\/objective-1536x963.jpg 1536w, http:\/\/ateava.es\/wp\/wp-content\/uploads\/2024\/02\/objective.jpg 1650w\" sizes=\"auto, (max-width: 1024px) 100vw, 1024px\" \/><\/figure><div class=\"wp-block-media-text__content\">\n<p><a href=\"https:\/\/theobjective.com\/sanidad\/2024-02-03\/afectados-vacuna-astrazeneca-fiscalia-ayuda\/\" target=\"_blank\" rel=\"noreferrer noopener\">ATEAVA acude a Fiscal\u00eda con el apoyo de los sindicatos<\/a><\/p>\n\n\n\n<p><\/p>\n<\/div><\/div>\n\n\n\n<div class=\"wp-block-media-text is-stacked-on-mobile\" style=\"grid-template-columns:45% auto\"><figure class=\"wp-block-media-text__media\"><img loading=\"lazy\" decoding=\"async\" width=\"888\" height=\"1024\" src=\"http:\/\/ateava.es\/wp\/wp-content\/uploads\/2024\/08\/MuyInteresante-888x1024.jpg\" alt=\"\" class=\"wp-image-684 size-full\" srcset=\"http:\/\/ateava.es\/wp\/wp-content\/uploads\/2024\/08\/MuyInteresante-888x1024.jpg 888w, http:\/\/ateava.es\/wp\/wp-content\/uploads\/2024\/08\/MuyInteresante-260x300.jpg 260w, http:\/\/ateava.es\/wp\/wp-content\/uploads\/2024\/08\/MuyInteresante-768x885.jpg 768w, http:\/\/ateava.es\/wp\/wp-content\/uploads\/2024\/08\/MuyInteresante.jpg 930w\" sizes=\"auto, (max-width: 888px) 100vw, 888px\" \/><\/figure><div class=\"wp-block-media-text__content\">\n<p><a href=\"https:\/\/lauragderivera.wordpress.com\/2024\/02\/28\/secuelas-graves-tras-ls-vacunas-covid-19-por-que-algunas-personas-las-han-sufrido\/\" target=\"_blank\" rel=\"noreferrer noopener\">Art\u00edculo sobre los efectos secundarios graves de las vacunas COVID-19 publicado en Muy Interesante<\/a><\/p>\n\n\n\n<p><\/p>\n<\/div><\/div>\n\n\n\n<div class=\"wp-block-media-text is-stacked-on-mobile\" style=\"grid-template-columns:45% auto\"><figure class=\"wp-block-media-text__media\"><img loading=\"lazy\" decoding=\"async\" width=\"1024\" height=\"731\" src=\"http:\/\/ateava.es\/wp\/wp-content\/uploads\/2024\/08\/d16-1024x731.jpg\" alt=\"\" class=\"wp-image-634 size-full\" srcset=\"http:\/\/ateava.es\/wp\/wp-content\/uploads\/2024\/08\/d16-1024x731.jpg 1024w, http:\/\/ateava.es\/wp\/wp-content\/uploads\/2024\/08\/d16-300x214.jpg 300w, http:\/\/ateava.es\/wp\/wp-content\/uploads\/2024\/08\/d16-768x548.jpg 768w, http:\/\/ateava.es\/wp\/wp-content\/uploads\/2024\/08\/d16.jpg 1300w\" sizes=\"auto, (max-width: 1024px) 100vw, 1024px\" \/><\/figure><div class=\"wp-block-media-text__content\">\n<p><a href=\"https:\/\/diario16plus.com\/internacional\/astrazeneca-reconoce-por-primera-vez-que-su-vacuna-contra-el-covid-puede-causar-trombocitopenia_409513_102.html\" target=\"_blank\" rel=\"noreferrer noopener\">AstraZeneca reconoce que su vacuna puede causar trombocitopenia<\/a><\/p>\n\n\n\n<p><\/p>\n<\/div><\/div>\n\n\n\n<div class=\"wp-block-media-text is-stacked-on-mobile\" style=\"grid-template-columns:45% auto\"><figure class=\"wp-block-media-text__media\"><img loading=\"lazy\" decoding=\"async\" width=\"1024\" height=\"948\" src=\"http:\/\/ateava.es\/wp\/wp-content\/uploads\/2024\/08\/periodico-1024x948.jpg\" alt=\"\" class=\"wp-image-647 size-full\" srcset=\"http:\/\/ateava.es\/wp\/wp-content\/uploads\/2024\/08\/periodico-1024x948.jpg 1024w, http:\/\/ateava.es\/wp\/wp-content\/uploads\/2024\/08\/periodico-300x278.jpg 300w, http:\/\/ateava.es\/wp\/wp-content\/uploads\/2024\/08\/periodico-768x711.jpg 768w, http:\/\/ateava.es\/wp\/wp-content\/uploads\/2024\/08\/periodico-270x250.jpg 270w, http:\/\/ateava.es\/wp\/wp-content\/uploads\/2024\/08\/periodico.jpg 1026w\" sizes=\"auto, (max-width: 1024px) 100vw, 1024px\" \/><\/figure><div class=\"wp-block-media-text__content\">\n<p><a href=\"https:\/\/www.elperiodico.com\/es\/sanidad\/20240507\/europa-retira-mercado-vacuna-astrazeneca-seis-claves-102045519\" target=\"_blank\" rel=\"noreferrer noopener\">AstraZeneca deja de comercializarse<\/a><\/p>\n\n\n\n<p><\/p>\n<\/div><\/div>\n\n\n\n<div class=\"wp-block-media-text is-stacked-on-mobile\" style=\"grid-template-columns:45% auto\"><figure class=\"wp-block-media-text__media\"><img loading=\"lazy\" decoding=\"async\" width=\"1024\" height=\"821\" src=\"http:\/\/ateava.es\/wp\/wp-content\/uploads\/2024\/08\/MSanidad-1024x821.jpg\" alt=\"\" class=\"wp-image-638 size-full\" srcset=\"http:\/\/ateava.es\/wp\/wp-content\/uploads\/2024\/08\/MSanidad-1024x821.jpg 1024w, http:\/\/ateava.es\/wp\/wp-content\/uploads\/2024\/08\/MSanidad-300x241.jpg 300w, http:\/\/ateava.es\/wp\/wp-content\/uploads\/2024\/08\/MSanidad-768x616.jpg 768w, http:\/\/ateava.es\/wp\/wp-content\/uploads\/2024\/08\/MSanidad-1536x1232.jpg 1536w, http:\/\/ateava.es\/wp\/wp-content\/uploads\/2024\/08\/MSanidad.jpg 1686w\" sizes=\"auto, (max-width: 1024px) 100vw, 1024px\" \/><\/figure><div class=\"wp-block-media-text__content\">\n<p><a href=\"https:\/\/theobjective.com\/sanidad\/2024-05-12\/ministerio-sanidad-afectados-vacuna-astrazeneca\/\" target=\"_blank\" rel=\"noreferrer noopener\">El ministerio de Sanidad recibe a ATEVA<\/a><\/p>\n\n\n\n<p><\/p>\n<\/div><\/div>\n\n\n\n<div class=\"wp-block-media-text is-stacked-on-mobile\" style=\"grid-template-columns:45% auto\"><figure class=\"wp-block-media-text__media\"><img loading=\"lazy\" decoding=\"async\" width=\"1024\" height=\"511\" src=\"http:\/\/ateava.es\/wp\/wp-content\/uploads\/2024\/08\/infobae-1024x511.jpg\" alt=\"\" class=\"wp-image-641 size-full\" srcset=\"http:\/\/ateava.es\/wp\/wp-content\/uploads\/2024\/08\/infobae-1024x511.jpg 1024w, http:\/\/ateava.es\/wp\/wp-content\/uploads\/2024\/08\/infobae-300x150.jpg 300w, http:\/\/ateava.es\/wp\/wp-content\/uploads\/2024\/08\/infobae-768x384.jpg 768w, http:\/\/ateava.es\/wp\/wp-content\/uploads\/2024\/08\/infobae-1536x767.jpg 1536w, http:\/\/ateava.es\/wp\/wp-content\/uploads\/2024\/08\/infobae.jpg 1858w\" sizes=\"auto, (max-width: 1024px) 100vw, 1024px\" \/><\/figure><div class=\"wp-block-media-text__content\">\n<p><a href=\"https:\/\/www.infobae.com\/espana\/2024\/05\/15\/afectados-por-la-vacuna-de-astrazeneca-piden-reconocimiento-despues-de-que-la-empresa-admitiera-efectos-adversos-no-es-justo-que-nos-dejen-de-lado\/#Echobox=1715761945\" target=\"_blank\" rel=\"noreferrer noopener\">ATEAVA reclama reconocimiento, asistencia sanitaria e investigaci\u00f3n<\/a><\/p>\n\n\n\n<p><\/p>\n<\/div><\/div>\n\n\n\n<div class=\"wp-block-media-text is-stacked-on-mobile\" style=\"grid-template-columns:45% auto\"><figure class=\"wp-block-media-text__media\"><img loading=\"lazy\" decoding=\"async\" width=\"1001\" height=\"1024\" src=\"http:\/\/ateava.es\/wp\/wp-content\/uploads\/2024\/08\/comecio-1001x1024.jpg\" alt=\"\" class=\"wp-image-643 size-full\" srcset=\"http:\/\/ateava.es\/wp\/wp-content\/uploads\/2024\/08\/comecio-1001x1024.jpg 1001w, http:\/\/ateava.es\/wp\/wp-content\/uploads\/2024\/08\/comecio-293x300.jpg 293w, http:\/\/ateava.es\/wp\/wp-content\/uploads\/2024\/08\/comecio-768x786.jpg 768w, http:\/\/ateava.es\/wp\/wp-content\/uploads\/2024\/08\/comecio.jpg 1042w\" sizes=\"auto, (max-width: 1001px) 100vw, 1001px\" \/><\/figure><div class=\"wp-block-media-text__content\">\n<p><a href=\"https:\/\/www.elcomercio.es\/asturias\/sufri-trombosis-cambio-vida-alguien-deberia-responder-20240603224204-nt.html?ref=https%3A%2F%2Fwww.elcomercio.es%2Fasturias%2Fsufri-trombosis-cambio-vida-alguien-deberia-responder-20240603224204-nt.html\" target=\"_blank\" rel=\"noreferrer noopener\">Mar\u00eda, miembro de ATEAVA, explica su situaci\u00f3n y la de otros trabajadores esenciales afectados por la vacuna AstraZeneca<\/a><\/p>\n\n\n\n<p><\/p>\n<\/div><\/div>\n\n\n\n<div class=\"wp-block-media-text is-stacked-on-mobile\" style=\"grid-template-columns:45% auto\"><figure class=\"wp-block-media-text__media\"><img loading=\"lazy\" decoding=\"async\" width=\"1024\" height=\"819\" src=\"http:\/\/ateava.es\/wp\/wp-content\/uploads\/2024\/08\/Resumen-1024x819.jpg\" alt=\"\" class=\"wp-image-650 size-full\" srcset=\"http:\/\/ateava.es\/wp\/wp-content\/uploads\/2024\/08\/Resumen-1024x819.jpg 1024w, http:\/\/ateava.es\/wp\/wp-content\/uploads\/2024\/08\/Resumen-300x240.jpg 300w, http:\/\/ateava.es\/wp\/wp-content\/uploads\/2024\/08\/Resumen-768x614.jpg 768w, http:\/\/ateava.es\/wp\/wp-content\/uploads\/2024\/08\/Resumen-1536x1228.jpg 1536w, http:\/\/ateava.es\/wp\/wp-content\/uploads\/2024\/08\/Resumen.jpg 1666w\" sizes=\"auto, (max-width: 1024px) 100vw, 1024px\" \/><\/figure><div class=\"wp-block-media-text__content\">\n<p><a href=\"https:\/\/theobjective.com\/sanidad\/2024-06-17\/afectados-astrazeneca-juzgados\/\" target=\"_blank\" rel=\"noreferrer noopener\">El recorrido de ATEAVA en las reuniones con los Ministerios<\/a><\/p>\n\n\n\n<p><\/p>\n<\/div><\/div>\n\n\n\n<div class=\"wp-block-media-text is-stacked-on-mobile\" style=\"grid-template-columns:45% auto\"><figure class=\"wp-block-media-text__media\"><img loading=\"lazy\" decoding=\"async\" width=\"1024\" height=\"922\" src=\"http:\/\/ateava.es\/wp\/wp-content\/uploads\/2025\/01\/salto_incapacidades-1024x922.jpg\" alt=\"\" class=\"wp-image-704 size-full\" srcset=\"http:\/\/ateava.es\/wp\/wp-content\/uploads\/2025\/01\/salto_incapacidades-1024x922.jpg 1024w, http:\/\/ateava.es\/wp\/wp-content\/uploads\/2025\/01\/salto_incapacidades-300x270.jpg 300w, http:\/\/ateava.es\/wp\/wp-content\/uploads\/2025\/01\/salto_incapacidades-768x691.jpg 768w, http:\/\/ateava.es\/wp\/wp-content\/uploads\/2025\/01\/salto_incapacidades-1536x1382.jpg 1536w, http:\/\/ateava.es\/wp\/wp-content\/uploads\/2025\/01\/salto_incapacidades.jpg 1780w\" sizes=\"auto, (max-width: 1024px) 100vw, 1024px\" \/><\/figure><div class=\"wp-block-media-text__content\">\n<p><a href=\"https:\/\/www.elsaltodiario.com\/salud-laboral\/enfermas-cronicas-bajas-flexibles-queremos-se-reconozcan-incapacidades\" target=\"_blank\" rel=\"noreferrer noopener\">La presidenta de ATEAVA explica la problem\u00e1tica en el reconocimiento de las incapacidades<\/a><\/p>\n\n\n\n<p><\/p>\n<\/div><\/div>\n\n\n\n<div class=\"wp-block-media-text is-stacked-on-mobile\" style=\"grid-template-columns:45% auto\"><figure class=\"wp-block-media-text__media\"><img loading=\"lazy\" decoding=\"async\" width=\"1024\" height=\"649\" src=\"http:\/\/ateava.es\/wp\/wp-content\/uploads\/2025\/01\/elPeriodico-1024x649.jpg\" alt=\"\" class=\"wp-image-706 size-full\" srcset=\"http:\/\/ateava.es\/wp\/wp-content\/uploads\/2025\/01\/elPeriodico-1024x649.jpg 1024w, http:\/\/ateava.es\/wp\/wp-content\/uploads\/2025\/01\/elPeriodico-300x190.jpg 300w, http:\/\/ateava.es\/wp\/wp-content\/uploads\/2025\/01\/elPeriodico-768x486.jpg 768w, http:\/\/ateava.es\/wp\/wp-content\/uploads\/2025\/01\/elPeriodico-1536x973.jpg 1536w, http:\/\/ateava.es\/wp\/wp-content\/uploads\/2025\/01\/elPeriodico.jpg 1702w\" sizes=\"auto, (max-width: 1024px) 100vw, 1024px\" \/><\/figure><div class=\"wp-block-media-text__content\">\n<p><a href=\"https:\/\/www.elperiodico.com\/es\/sanidad\/20241227\/trabajadores-esenciales-vacuna-astrazeneca-estado-reconozca-accidente-laboral-112774689\" target=\"_blank\" rel=\"noreferrer noopener\">Los trabajadores esenciales piden que se reconozca el origen laboral de sus patolog\u00edas<\/a><\/p>\n\n\n\n<p><\/p>\n<\/div><\/div>\n\n\n\n<div class=\"wp-block-media-text is-stacked-on-mobile\" style=\"grid-template-columns:45% auto\"><figure class=\"wp-block-media-text__media\"><img loading=\"lazy\" decoding=\"async\" width=\"1024\" height=\"732\" src=\"http:\/\/ateava.es\/wp\/wp-content\/uploads\/2025\/02\/juicio-1024x732.jpg\" alt=\"\" class=\"wp-image-710 size-full\" srcset=\"http:\/\/ateava.es\/wp\/wp-content\/uploads\/2025\/02\/juicio-1024x732.jpg 1024w, http:\/\/ateava.es\/wp\/wp-content\/uploads\/2025\/02\/juicio-300x215.jpg 300w, http:\/\/ateava.es\/wp\/wp-content\/uploads\/2025\/02\/juicio-768x549.jpg 768w, http:\/\/ateava.es\/wp\/wp-content\/uploads\/2025\/02\/juicio.jpg 1496w\" sizes=\"auto, (max-width: 1024px) 100vw, 1024px\" \/><\/figure><div class=\"wp-block-media-text__content\">\n<p><a href=\"https:\/\/theobjective.com\/sanidad\/2025-02-08\/primer-juicio-administracion-efectos-astrazeneca\/\" target=\"_blank\" rel=\"noreferrer noopener\">Juicio por la contingencia profesional de los trabajadores esenciales vacunados con AstraZeneca<\/a><\/p>\n\n\n\n<p><\/p>\n<\/div><\/div>\n\n\n\n<div class=\"wp-block-media-text is-stacked-on-mobile\" style=\"grid-template-columns:45% auto\"><figure class=\"wp-block-media-text__media\"><img loading=\"lazy\" decoding=\"async\" width=\"1024\" height=\"885\" src=\"http:\/\/ateava.es\/wp\/wp-content\/uploads\/2025\/02\/infobae-1024x885.jpg\" alt=\"\" class=\"wp-image-715 size-full\" srcset=\"http:\/\/ateava.es\/wp\/wp-content\/uploads\/2025\/02\/infobae-1024x885.jpg 1024w, http:\/\/ateava.es\/wp\/wp-content\/uploads\/2025\/02\/infobae-300x259.jpg 300w, http:\/\/ateava.es\/wp\/wp-content\/uploads\/2025\/02\/infobae-768x664.jpg 768w, http:\/\/ateava.es\/wp\/wp-content\/uploads\/2025\/02\/infobae-1536x1327.jpg 1536w, http:\/\/ateava.es\/wp\/wp-content\/uploads\/2025\/02\/infobae.jpg 1574w\" sizes=\"auto, (max-width: 1024px) 100vw, 1024px\" \/><\/figure><div class=\"wp-block-media-text__content\">\n<p><a href=\"https:\/\/www.infobae.com\/espana\/2025\/02\/22\/primer-juicio-para-que-los-efectos-secundarios-de-la-vacuna-astrazeneca-se-consideren-accidente-laboral-al-menos-no-los-dejes-colgados\/\" data-type=\"link\" data-id=\"https:\/\/www.infobae.com\/espana\/2025\/02\/22\/primer-juicio-para-que-los-efectos-secundarios-de-la-vacuna-astrazeneca-se-consideren-accidente-laboral-al-menos-no-los-dejes-colgados\/\" target=\"_blank\" rel=\"noreferrer noopener\">Primer juicio para que los efectos secundarios producidos a los trabajadores esenciales vacunados con AstraZeneca sean reconocidos como contingencia profesional<\/a><\/p>\n\n\n\n<p><\/p>\n<\/div><\/div>\n\n\n\n<p><\/p>\n","protected":false},"excerpt":{"rendered":"<p>Se crea una Asociaci\u00f3n de Trabajadores Esenciales Afectados por la Vacuna AstraZeneca Tras ponerme la vacuna de AstraZeneca estuve tres meses casi sin poder andar Entrevista en Radio Plaza a afectadas de la vacuna covid19 Un a\u00f1o de baja, \u00bfy ahora qu\u00e9?La problem\u00e1tica de muchos afectados por la vacuna COVID19 que un a\u00f1o despu\u00e9s les [&hellip;]<\/p>\n","protected":false},"author":1,"featured_media":0,"parent":0,"menu_order":0,"comment_status":"open","ping_status":"closed","template":"","meta":{"footnotes":""},"class_list":["post-150","page","type-page","status-publish","czr-hentry"],"_links":{"self":[{"href":"http:\/\/ateava.es\/wp\/index.php?rest_route=\/wp\/v2\/pages\/150","targetHints":{"allow":["GET"]}}],"collection":[{"href":"http:\/\/ateava.es\/wp\/index.php?rest_route=\/wp\/v2\/pages"}],"about":[{"href":"http:\/\/ateava.es\/wp\/index.php?rest_route=\/wp\/v2\/types\/page"}],"author":[{"embeddable":true,"href":"http:\/\/ateava.es\/wp\/index.php?rest_route=\/wp\/v2\/users\/1"}],"replies":[{"embeddable":true,"href":"http:\/\/ateava.es\/wp\/index.php?rest_route=%2Fwp%2Fv2%2Fcomments&post=150"}],"version-history":[{"count":82,"href":"http:\/\/ateava.es\/wp\/index.php?rest_route=\/wp\/v2\/pages\/150\/revisions"}],"predecessor-version":[{"id":716,"href":"http:\/\/ateava.es\/wp\/index.php?rest_route=\/wp\/v2\/pages\/150\/revisions\/716"}],"wp:attachment":[{"href":"http:\/\/ateava.es\/wp\/index.php?rest_route=%2Fwp%2Fv2%2Fmedia&parent=150"}],"curies":[{"name":"wp","href":"https:\/\/api.w.org\/{rel}","templated":true}]}}